{"id":3,"date":"2025-11-14T13:38:44","date_gmt":"2025-11-14T13:38:44","guid":{"rendered":"http:\/\/echtelizenz.com\/?page_id=3"},"modified":"2025-11-14T13:38:45","modified_gmt":"2025-11-14T13:38:45","slug":"datenschutz","status":"publish","type":"page","link":"https:\/\/echtelizenz.com\/pl\/ochrona-danych\/","title":{"rendered":"Ochrona danych"},"content":{"rendered":"<div data-elementor-type=\"wp-page\" data-elementor-id=\"3\" class=\"elementor elementor-3\" data-elementor-post-type=\"page\">\n\t\t\t\t\t\t<section class=\"elementor-section elementor-top-section elementor-element elementor-element-8f51d8f elementor-section-full_width elementor-section-stretched elementor-section-height-default elementor-section-height-default\" data-id=\"8f51d8f\" data-element_type=\"section\" data-settings=\"{&quot;stretch_section&quot;:&quot;section-stretched&quot;}\">\n\t\t\t\t\t\t<div class=\"elementor-container elementor-column-gap-default\">\n\t\t\t\t\t<div class=\"elementor-column elementor-col-100 elementor-top-column elementor-element elementor-element-d36a15f\" data-id=\"d36a15f\" data-element_type=\"column\">\n\t\t\t<div class=\"elementor-widget-wrap elementor-element-populated\">\n\t\t\t\t\t\t<div class=\"elementor-element elementor-element-aa2a73e elementor-widget elementor-widget-html\" data-id=\"aa2a73e\" data-element_type=\"widget\" data-widget_type=\"html.default\">\n\t\t\t\t<div class=\"elementor-widget-container\">\n\t\t\t\t\t<section style=\"padding:60px 20px; max-width:1100px; margin:0 auto; font-family:Arial, sans-serif;\">\r\n\r\n<h1 style=\"font-size:36px; font-weight:800; margin-bottom:25px; color:#111;\">Polityka prywatno\u015bci<\/h1>\r\n<p style=\"font-size:16px; color:#444; line-height:1.7;\">\r\nOchrona danych osobowych u\u017cytkownik\u00f3w jest dla nas bardzo wa\u017cna. W niniejszej polityce prywatno\u015bci informujemy o\r\nw jaki spos\u00f3b dane osobowe s\u0105 przetwarzane <strong>echtelizenz.com<\/strong> s\u0105 gromadzone, przetwarzane i wykorzystywane.\r\n<\/p>\r\n\r\n<hr style=\"margin:35px 0;\">\r\n\r\n<h2 style=\"font-size:26px; font-weight:700; margin-bottom:15px;\">1. organ odpowiedzialny<\/h2>\r\n<p style=\"font-size:16px; color:#444; line-height:1.7;\">\r\nOdpowiedzialny za przetwarzanie danych na tej stronie:\r\n<br><br>\r\n<strong>Prawdziwa licencja<\/strong><br>\r\ne-mail: <a href=\"mailto:majidbuda1@gmail.com\">majidbuda1@gmail.com<\/a><br>\r\nWhatsApp: <a href=\"https:\/\/wa.me\/4917644678273\" target=\"_blank\" rel=\"noopener\">+49 176 44678273<\/a>\r\n<\/p>\r\n\r\n<hr style=\"margin:35px 0;\">\r\n\r\n<h2 style=\"font-size:26px; font-weight:700; margin-bottom:15px;\">2. gromadzenie i przechowywanie danych osobowych<\/h2>\r\n<p style=\"font-size:16px; color:#444; line-height:1.7;\">\r\nGromadzimy dane osobowe tylko wtedy, gdy u\u017cytkownik prze\u015ble je nam w ramach zapytania, zam\u00f3wienia lub kontaktu.\r\n<\/p>\r\n\r\n<ul style=\"padding-left:20px; color:#444; line-height:1.7;\">\r\n<li>Imi\u0119 i nazwisko, adres e-mail, numer telefonu<\/li>\r\n<li>Komunikacja WhatsApp<\/li>\r\n<li>Zawarto\u015b\u0107 formularzy kontaktowych<\/li>\r\n<li>Dane techniczne (adres IP, typ urz\u0105dzenia, przegl\u0105darka, czas dost\u0119pu)<\/li>\r\n<li>Informacje zwi\u0105zane z zam\u00f3wieniem<\/li>\r\n<\/ul>\r\n\r\n<hr style=\"margin:35px 0;\">\r\n\r\n<h2 style=\"font-size:26px; font-weight:700; margin-bottom:15px;\">3. zamierzone wykorzystanie danych<\/h2>\r\n<p style=\"font-size:16px; color:#444; line-height:1.7;\">\r\nDane u\u017cytkownika b\u0119d\u0105 wykorzystywane wy\u0142\u0105cznie do\r\n<\/p>\r\n\r\n<ul style=\"padding-left:20px; color:#444; line-height:1.7;\">\r\n<li>Przetwarzanie zapyta\u0144<\/li>\r\n<li>Komunikacja przez WhatsApp lub e-mail<\/li>\r\n<li>Przetwarzanie zam\u00f3wie\u0144 i obs\u0142uga klienta<\/li>\r\n<li>Dokumentacja wewn\u0119trzna<\/li>\r\n<li>Ulepszenie strony internetowej<\/li>\r\n<\/ul>\r\n\r\n<hr style=\"margin:35px 0;\">\r\n\r\n<h2 style=\"font-size:26px; font-weight:700; margin-bottom:15px;\">4. ujawnianie danych<\/h2>\r\n<p style=\"font-size:16px; color:#444; line-height:1.7;\">\r\nNigdy nie przekazujemy danych u\u017cytkownika stronom trzecim, chyba \u017ce:\r\n<\/p>\r\n\r\n<ul style=\"padding-left:20px; color:#444; line-height:1.7;\">\r\n<li>U\u017cytkownik wyra\u017anie wyra\u017ca na to zgod\u0119<\/li>\r\n<li>Jest to konieczne do realizacji umowy<\/li>\r\n<li>Istnieje obowi\u0105zek prawny<\/li>\r\n<\/ul>\r\n\r\n<hr style=\"margin:35px 0;\">\r\n\r\n<h2 style=\"font-size:26px; font-weight:700; margin-bottom:15px;\">5. pliki cookie i \u015bledzenie<\/h2>\r\n<p style=\"font-size:16px; color:#444; line-height:1.7;\">\r\nNasza strona internetowa wykorzystuje pliki cookie w celu poprawy komfortu u\u017cytkowania.  \r\nMo\u017cesz wy\u0142\u0105czy\u0107 przechowywanie plik\u00f3w cookie w swojej przegl\u0105darce.\r\n<\/p>\r\n\r\n<hr style=\"margin:35px 0;\">\r\n\r\n<h2 style=\"font-size:26px; font-weight:700; margin-bottom:15px;\">6 Komunikacja WhatsApp<\/h2>\r\n<p style=\"font-size:16px; color:#444; line-height:1.7;\">\r\nPodczas kontaktowania si\u0119 z nami za po\u015brednictwem WhatsApp, dane s\u0105 przekazywane do WhatsApp Ireland Ltd..  \r\nZalecamy, aby nie wysy\u0142a\u0107 \u017cadnych wra\u017cliwych danych za po\u015brednictwem WhatsApp.\r\n<\/p>\r\n\r\n<hr style=\"margin:35px 0;\">\r\n\r\n<h2 style=\"font-size:26px; font-weight:700; margin-bottom:15px;\">7. okres przechowywania<\/h2>\r\n<p style=\"font-size:16px; color:#444; line-height:1.7;\">\r\nPrzechowujemy dane osobowe tylko tak d\u0142ugo, jak jest to konieczne do przetwarzania zam\u00f3wie\u0144 lub zobowi\u0105za\u0144 prawnych.\r\n<\/p>\r\n\r\n<hr style=\"margin:35px 0;\">\r\n\r\n<h2 style=\"font-size:26px; font-weight:700; margin-bottom:15px;\">8. Twoje prawa<\/h2>\r\n<p style=\"font-size:16px; color:#444; line-height:1.7;\">\r\nU\u017cytkownik ma prawo do tego w dowolnym momencie:\r\n<\/p>\r\n\r\n<ul style=\"padding-left:20px; color:#444; line-height:1.7;\">\r\n<li>Informacje o przechowywanych danych<\/li>\r\n<li>Korekta nieprawid\u0142owych danych<\/li>\r\n<li>Usuwanie danych u\u017cytkownika<\/li>\r\n<li>Ograniczenie przetwarzania<\/li>\r\n<li>Przenoszenie danych<\/li>\r\n<li>Cofni\u0119cie zgody u\u017cytkownika<\/li>\r\n<\/ul>\r\n\r\n<hr style=\"margin:35px 0;\">\r\n\r\n<h2 style=\"font-size:26px; font-weight:700; margin-bottom:15px;\">9. bezpiecze\u0144stwo danych u\u017cytkownika<\/h2>\r\n<p style=\"font-size:16px; color:#444; line-height:1.7;\">\r\nStosujemy \u015brodki techniczne i organizacyjne w celu ochrony danych u\u017cytkownika przed utrat\u0105, niew\u0142a\u015bciwym wykorzystaniem lub nieuprawnionym dost\u0119pem.\r\n<\/p>\r\n\r\n<hr style=\"margin:35px 0;\">\r\n\r\n<h2 style=\"font-size:26px; font-weight:700; margin-bottom:15px;\">10. zmiany w niniejszej polityce prywatno\u015bci<\/h2>\r\n<p style=\"font-size:16px; color:#444; line-height:1.7;\">\r\nZastrzegamy sobie prawo do aktualizacji niniejszej polityki prywatno\u015bci w dowolnym momencie.  \r\nProsimy o regularne sprawdzanie tej strony.\r\n<\/p>\r\n\r\n<hr style=\"margin:35px 0;\">\r\n\r\n<h2 style=\"font-size:26px; font-weight:700; margin-bottom:15px;\">11. kontakt<\/h2>\r\n<p style=\"font-size:16px; color:#444; line-height:1.7;\">\r\nW przypadku jakichkolwiek pyta\u0144 dotycz\u0105cych naszej polityki prywatno\u015bci prosimy o kontakt:\r\n<br><br>\r\n<strong>e-mail:<\/strong> <a href=\"mailto:majidbuda1@gmail.com\">majidbuda1@gmail.com<\/a><br>\r\n<strong>WhatsApp:<\/strong> <a href=\"https:\/\/wa.me\/4917644678273\" target=\"_blank\" rel=\"noopener\">+49 176 44678273<\/a>\r\n<\/p>\r\n\r\n<\/section>\r\n\t\t\t\t<\/div>\n\t\t\t\t<\/div>\n\t\t\t\t\t<\/div>\n\t\t<\/div>\n\t\t\t\t\t<\/div>\n\t\t<\/section>\n\t\t\t\t<\/div>","protected":false},"excerpt":{"rendered":"<p>F\u00fchrerschein Schweiz f\u00fchrerausweis verloren f\u00fchrerausweis kategorie F\u00fchrerschein Schweiz der Erwerb eines Schweizer F\u00fchrerscheins ist eine m\u00fchsame Aufgabe. Zun\u00e4chst m\u00fcssen Sie einen zehnst\u00fcndigen Erste-Hilfe-Unterricht absolvieren, gefolgt von einer theoretischen Pr\u00fcfung. Sobald Sie den provisorischen F\u00fchrerschein besitzen, m\u00fcssen Sie 8 Stunden Verkehrserziehungskurse absolvieren und nach Erhalt Ihres Schweizer F\u00fchrerscheins noch ein paar weitere. Der gesamte Prozess ist [&hellip;]<\/p>","protected":false},"author":1,"featured_media":0,"parent":0,"menu_order":0,"comment_status":"closed","ping_status":"closed","template":"elementor_header_footer","meta":{"site-sidebar-layout":"no-sidebar","site-content-layout":"page-builder","ast-site-content-layout":"full-width-container","site-content-style":"unboxed","site-sidebar-style":"unboxed","ast-global-header-display":"","ast-banner-title-visibility":"","ast-main-header-display":"","ast-hfb-above-header-display":"","ast-hfb-below-header-display":"","ast-hfb-mobile-header-display":"","site-post-title":"disabled","ast-breadcrumbs-content":"","ast-featured-img":"disabled","footer-sml-layout":"","theme-transparent-header-meta":"","adv-header-id-meta":"","stick-header-meta":"","header-above-stick-meta":"","header-main-stick-meta":"","header-below-stick-meta":"","astra-migrate-meta-layouts":"set","ast-page-background-enabled":"default","ast-page-background-meta":{"desktop":{"background-color":"var(--ast-global-color-4)","background-image":"","background-repeat":"repeat","background-position":"center center","background-size":"auto","background-attachment":"scroll","background-type":"","background-media":"","overlay-type":"","overlay-color":"","overlay-gradient":""},"tablet":{"background-color":"","background-image":"","background-repeat":"repeat","background-position":"center center","background-size":"auto","background-attachment":"scroll","background-type":"","background-media":"","overlay-type":"","overlay-color":"","overlay-gradient":""},"mobile":{"background-color":"","background-image":"","background-repeat":"repeat","background-position":"center center","background-size":"auto","background-attachment":"scroll","background-type":"","background-media":"","overlay-type":"","overlay-color":"","overlay-gradient":""}},"ast-content-background-meta":{"desktop":{"background-color":"var(--ast-global-color-5)","background-image":"","background-repeat":"repeat","background-position":"center center","background-size":"auto","background-attachment":"scroll","background-type":"","background-media":"","overlay-type":"","overlay-color":"","overlay-gradient":""},"tablet":{"background-color":"var(--ast-global-color-5)","background-image":"","background-repeat":"repeat","background-position":"center center","background-size":"auto","background-attachment":"scroll","background-type":"","background-media":"","overlay-type":"","overlay-color":"","overlay-gradient":""},"mobile":{"background-color":"var(--ast-global-color-5)","background-image":"","background-repeat":"repeat","background-position":"center center","background-size":"auto","background-attachment":"scroll","background-type":"","background-media":"","overlay-type":"","overlay-color":"","overlay-gradient":""}},"footnotes":""},"class_list":["post-3","page","type-page","status-publish","hentry"],"_links":{"self":[{"href":"https:\/\/echtelizenz.com\/pl\/wp-json\/wp\/v2\/pages\/3","targetHints":{"allow":["GET"]}}],"collection":[{"href":"https:\/\/echtelizenz.com\/pl\/wp-json\/wp\/v2\/pages"}],"about":[{"href":"https:\/\/echtelizenz.com\/pl\/wp-json\/wp\/v2\/types\/page"}],"author":[{"embeddable":true,"href":"https:\/\/echtelizenz.com\/pl\/wp-json\/wp\/v2\/users\/1"}],"replies":[{"embeddable":true,"href":"https:\/\/echtelizenz.com\/pl\/wp-json\/wp\/v2\/comments?post=3"}],"version-history":[{"count":67,"href":"https:\/\/echtelizenz.com\/pl\/wp-json\/wp\/v2\/pages\/3\/revisions"}],"predecessor-version":[{"id":2015,"href":"https:\/\/echtelizenz.com\/pl\/wp-json\/wp\/v2\/pages\/3\/revisions\/2015"}],"wp:attachment":[{"href":"https:\/\/echtelizenz.com\/pl\/wp-json\/wp\/v2\/media?parent=3"}],"curies":[{"name":"wp","href":"https:\/\/api.w.org\/{rel}","templated":true}]}}